{"id":814,"date":"2015-03-28T11:19:00","date_gmt":"2015-03-28T10:19:00","guid":{"rendered":"https:\/\/estiu.es\/?post_type=proyecto&#038;p=814"},"modified":"2025-02-04T11:22:29","modified_gmt":"2025-02-04T10:22:29","slug":"anuario-valencia-plaza-2014","status":"publish","type":"proyecto","link":"https:\/\/estiu.es\/en\/proyecto\/anuario-valencia-plaza-2014\/","title":{"rendered":"Anuario Valencia Plaza 2014"},"content":{"rendered":"\n<p>El grupo editorial Valencia Plaza, coincidiendo con su aniversario, edita cada a\u00f1o un anuario en papel\u00a0que\u00a0resume de los contenidos m\u00e1s destacados publicados por este diario digital durante el a\u00f1o anterior. En esta edici\u00f3n 2014 hemos dado mayor peso a los datos y hemos\u00a0contado con la colaboraci\u00f3n de Mart\u00ed Ferrer en la elaboraci\u00f3n de\u00a0los dos res\u00famenes infogr\u00e1ficos que abren el anuario.<\/p>\n\n\n\n<figure class=\"wp-block-image size-full\"><img loading=\"lazy\" decoding=\"async\" width=\"1000\" height=\"700\" src=\"https:\/\/estiu.es\/wp-content\/uploads\/2025\/02\/2_AnuarioValenciaPlaza2014.jpeg\" alt=\"\" class=\"wp-image-816\" srcset=\"https:\/\/estiu.es\/wp-content\/uploads\/2025\/02\/2_AnuarioValenciaPlaza2014.jpeg 1000w, https:\/\/estiu.es\/wp-content\/uploads\/2025\/02\/2_AnuarioValenciaPlaza2014-300x210.jpeg 300w, https:\/\/estiu.es\/wp-content\/uploads\/2025\/02\/2_AnuarioValenciaPlaza2014-768x538.jpeg 768w\" sizes=\"auto, (max-width: 1000px) 100vw, 1000px\" \/><\/figure>\n\n\n\n<figure class=\"wp-block-image size-full\"><img loading=\"lazy\" decoding=\"async\" width=\"1000\" height=\"700\" src=\"https:\/\/estiu.es\/wp-content\/uploads\/2025\/02\/3_AnuarioValenciaPlaza2014.jpeg\" alt=\"\" class=\"wp-image-817\" srcset=\"https:\/\/estiu.es\/wp-content\/uploads\/2025\/02\/3_AnuarioValenciaPlaza2014.jpeg 1000w, https:\/\/estiu.es\/wp-content\/uploads\/2025\/02\/3_AnuarioValenciaPlaza2014-300x210.jpeg 300w, https:\/\/estiu.es\/wp-content\/uploads\/2025\/02\/3_AnuarioValenciaPlaza2014-768x538.jpeg 768w\" sizes=\"auto, (max-width: 1000px) 100vw, 1000px\" \/><\/figure>\n\n\n\n<figure class=\"wp-block-image size-full\"><img loading=\"lazy\" decoding=\"async\" width=\"1000\" height=\"700\" src=\"https:\/\/estiu.es\/wp-content\/uploads\/2025\/02\/4_AnuarioValenciaPlaza2014.jpeg\" alt=\"\" class=\"wp-image-818\" srcset=\"https:\/\/estiu.es\/wp-content\/uploads\/2025\/02\/4_AnuarioValenciaPlaza2014.jpeg 1000w, https:\/\/estiu.es\/wp-content\/uploads\/2025\/02\/4_AnuarioValenciaPlaza2014-300x210.jpeg 300w, https:\/\/estiu.es\/wp-content\/uploads\/2025\/02\/4_AnuarioValenciaPlaza2014-768x538.jpeg 768w\" sizes=\"auto, (max-width: 1000px) 100vw, 1000px\" \/><\/figure>\n\n\n\n<figure class=\"wp-block-image size-full\"><img loading=\"lazy\" decoding=\"async\" width=\"1000\" height=\"700\" src=\"https:\/\/estiu.es\/wp-content\/uploads\/2025\/02\/5_AnuarioValenciaPlaza2014.jpeg\" alt=\"\" class=\"wp-image-819\" srcset=\"https:\/\/estiu.es\/wp-content\/uploads\/2025\/02\/5_AnuarioValenciaPlaza2014.jpeg 1000w, https:\/\/estiu.es\/wp-content\/uploads\/2025\/02\/5_AnuarioValenciaPlaza2014-300x210.jpeg 300w, https:\/\/estiu.es\/wp-content\/uploads\/2025\/02\/5_AnuarioValenciaPlaza2014-768x538.jpeg 768w\" sizes=\"auto, (max-width: 1000px) 100vw, 1000px\" \/><\/figure>\n\n\n\n<figure class=\"wp-block-image size-full\"><img loading=\"lazy\" decoding=\"async\" width=\"1000\" height=\"700\" src=\"https:\/\/estiu.es\/wp-content\/uploads\/2025\/02\/7_AnuarioValenciaPlaza2014.jpeg\" alt=\"\" class=\"wp-image-820\" srcset=\"https:\/\/estiu.es\/wp-content\/uploads\/2025\/02\/7_AnuarioValenciaPlaza2014.jpeg 1000w, https:\/\/estiu.es\/wp-content\/uploads\/2025\/02\/7_AnuarioValenciaPlaza2014-300x210.jpeg 300w, https:\/\/estiu.es\/wp-content\/uploads\/2025\/02\/7_AnuarioValenciaPlaza2014-768x538.jpeg 768w\" sizes=\"auto, (max-width: 1000px) 100vw, 1000px\" \/><\/figure>\n\n\n\n<p><\/p>\n","protected":false},"featured_media":815,"template":"","meta":{"_acf_changed":false,"_coblocks_attr":"","_coblocks_dimensions":"","_coblocks_responsive_height":"","_coblocks_accordion_ie_support":""},"categoria-de-proyecto":[3],"class_list":["post-814","proyecto","type-proyecto","status-publish","has-post-thumbnail","hentry","categoria-de-proyecto-editorial"],"acf":[],"_links":{"self":[{"href":"https:\/\/estiu.es\/en\/wp-json\/wp\/v2\/proyecto\/814","targetHints":{"allow":["GET"]}}],"collection":[{"href":"https:\/\/estiu.es\/en\/wp-json\/wp\/v2\/proyecto"}],"about":[{"href":"https:\/\/estiu.es\/en\/wp-json\/wp\/v2\/types\/proyecto"}],"wp:featuredmedia":[{"embeddable":true,"href":"https:\/\/estiu.es\/en\/wp-json\/wp\/v2\/media\/815"}],"wp:attachment":[{"href":"https:\/\/estiu.es\/en\/wp-json\/wp\/v2\/media?parent=814"}],"wp:term":[{"taxonomy":"categoria-de-proyecto","embeddable":true,"href":"https:\/\/estiu.es\/en\/wp-json\/wp\/v2\/categoria-de-proyecto?post=814"}],"curies":[{"name":"wp","href":"https:\/\/api.w.org\/{rel}","templated":true}]}}