{"id":726,"date":"2018-08-20T10:30:00","date_gmt":"2018-08-20T08:30:00","guid":{"rendered":"https:\/\/estiu.es\/?post_type=proyecto&#038;p=726"},"modified":"2025-02-04T10:33:26","modified_gmt":"2025-02-04T09:33:26","slug":"festival-de-la-canco-del-grau","status":"publish","type":"proyecto","link":"https:\/\/estiu.es\/en\/proyecto\/festival-de-la-canco-del-grau\/","title":{"rendered":"Festival de la Canc\u0327o\u0300 del Grau"},"content":{"rendered":"\n<p>El Festival de la Can\u00e7\u00f3 del Grau reivindica los conciertos al aire libre, los distritos mar\u00edtimos de Valencia y el verano. Esta serie de conciertos se celebr\u00f3 durante el mes de julio de 2017 en la terraza de Las Naves y nos encargamos del desarrollo de la imagen gr\u00e1fica, carteler\u00eda y diferentes aplicaciones tanto impresas como destinadas a las redes sociales.<\/p>\n\n\n\n<figure class=\"wp-block-image size-large\"><img loading=\"lazy\" decoding=\"async\" width=\"1024\" height=\"696\" src=\"https:\/\/estiu.es\/wp-content\/uploads\/2025\/02\/4_FestivalCancoDelGrau-1024x696.jpeg\" alt=\"\" class=\"wp-image-728\" srcset=\"https:\/\/estiu.es\/wp-content\/uploads\/2025\/02\/4_FestivalCancoDelGrau-1024x696.jpeg 1024w, https:\/\/estiu.es\/wp-content\/uploads\/2025\/02\/4_FestivalCancoDelGrau-300x204.jpeg 300w, https:\/\/estiu.es\/wp-content\/uploads\/2025\/02\/4_FestivalCancoDelGrau-768x522.jpeg 768w, https:\/\/estiu.es\/wp-content\/uploads\/2025\/02\/4_FestivalCancoDelGrau.jpeg 1500w\" sizes=\"auto, (max-width: 1024px) 100vw, 1024px\" \/><\/figure>\n\n\n\n<div class=\"wp-block-columns is-layout-flex wp-container-core-columns-is-layout-9d6595d7 wp-block-columns-is-layout-flex\">\n<div class=\"wp-block-column is-layout-flow wp-block-column-is-layout-flow\">\n<figure class=\"wp-block-image size-large\"><img loading=\"lazy\" decoding=\"async\" width=\"683\" height=\"1024\" src=\"https:\/\/estiu.es\/wp-content\/uploads\/2025\/02\/6_FestivalCancoDelGrau-683x1024.jpeg\" alt=\"\" class=\"wp-image-729\" srcset=\"https:\/\/estiu.es\/wp-content\/uploads\/2025\/02\/6_FestivalCancoDelGrau-683x1024.jpeg 683w, https:\/\/estiu.es\/wp-content\/uploads\/2025\/02\/6_FestivalCancoDelGrau-200x300.jpeg 200w, https:\/\/estiu.es\/wp-content\/uploads\/2025\/02\/6_FestivalCancoDelGrau-768x1152.jpeg 768w, https:\/\/estiu.es\/wp-content\/uploads\/2025\/02\/6_FestivalCancoDelGrau.jpeg 1000w\" sizes=\"auto, (max-width: 683px) 100vw, 683px\" \/><\/figure>\n<\/div>\n\n\n\n<div class=\"wp-block-column is-layout-flow wp-block-column-is-layout-flow\">\n<figure class=\"wp-block-image size-large\"><img loading=\"lazy\" decoding=\"async\" width=\"683\" height=\"1024\" src=\"https:\/\/estiu.es\/wp-content\/uploads\/2025\/02\/5_FestivalCancoDelGrau-683x1024.jpeg\" alt=\"\" class=\"wp-image-730\" srcset=\"https:\/\/estiu.es\/wp-content\/uploads\/2025\/02\/5_FestivalCancoDelGrau-683x1024.jpeg 683w, https:\/\/estiu.es\/wp-content\/uploads\/2025\/02\/5_FestivalCancoDelGrau-200x300.jpeg 200w, https:\/\/estiu.es\/wp-content\/uploads\/2025\/02\/5_FestivalCancoDelGrau-768x1152.jpeg 768w, https:\/\/estiu.es\/wp-content\/uploads\/2025\/02\/5_FestivalCancoDelGrau.jpeg 1000w\" sizes=\"auto, (max-width: 683px) 100vw, 683px\" \/><\/figure>\n<\/div>\n<\/div>\n\n\n\n<figure class=\"wp-block-image size-full\"><img loading=\"lazy\" decoding=\"async\" width=\"1000\" height=\"667\" src=\"https:\/\/estiu.es\/wp-content\/uploads\/2025\/02\/10_FestivalCancoDelGrau.jpeg\" alt=\"\" class=\"wp-image-731\" srcset=\"https:\/\/estiu.es\/wp-content\/uploads\/2025\/02\/10_FestivalCancoDelGrau.jpeg 1000w, https:\/\/estiu.es\/wp-content\/uploads\/2025\/02\/10_FestivalCancoDelGrau-300x200.jpeg 300w, https:\/\/estiu.es\/wp-content\/uploads\/2025\/02\/10_FestivalCancoDelGrau-768x512.jpeg 768w\" sizes=\"auto, (max-width: 1000px) 100vw, 1000px\" \/><\/figure>\n\n\n\n<figure class=\"wp-block-image size-full\"><img loading=\"lazy\" decoding=\"async\" width=\"1000\" height=\"667\" src=\"https:\/\/estiu.es\/wp-content\/uploads\/2025\/02\/2_FestivalCancoDelGrau.jpeg\" alt=\"\" class=\"wp-image-732\" srcset=\"https:\/\/estiu.es\/wp-content\/uploads\/2025\/02\/2_FestivalCancoDelGrau.jpeg 1000w, https:\/\/estiu.es\/wp-content\/uploads\/2025\/02\/2_FestivalCancoDelGrau-300x200.jpeg 300w, https:\/\/estiu.es\/wp-content\/uploads\/2025\/02\/2_FestivalCancoDelGrau-768x512.jpeg 768w\" sizes=\"auto, (max-width: 1000px) 100vw, 1000px\" \/><\/figure>\n\n\n\n<figure class=\"wp-block-image size-full\"><img loading=\"lazy\" decoding=\"async\" width=\"1000\" height=\"667\" src=\"https:\/\/estiu.es\/wp-content\/uploads\/2025\/02\/1_FestivalCancoDelGrau.jpeg\" alt=\"\" class=\"wp-image-733\" srcset=\"https:\/\/estiu.es\/wp-content\/uploads\/2025\/02\/1_FestivalCancoDelGrau.jpeg 1000w, https:\/\/estiu.es\/wp-content\/uploads\/2025\/02\/1_FestivalCancoDelGrau-300x200.jpeg 300w, https:\/\/estiu.es\/wp-content\/uploads\/2025\/02\/1_FestivalCancoDelGrau-768x512.jpeg 768w\" sizes=\"auto, (max-width: 1000px) 100vw, 1000px\" \/><\/figure>\n\n\n\n<figure class=\"wp-block-image size-full\"><img loading=\"lazy\" decoding=\"async\" width=\"1000\" height=\"667\" src=\"https:\/\/estiu.es\/wp-content\/uploads\/2025\/02\/11_FestivalCancoDelGrau.jpeg\" alt=\"\" class=\"wp-image-734\" srcset=\"https:\/\/estiu.es\/wp-content\/uploads\/2025\/02\/11_FestivalCancoDelGrau.jpeg 1000w, https:\/\/estiu.es\/wp-content\/uploads\/2025\/02\/11_FestivalCancoDelGrau-300x200.jpeg 300w, https:\/\/estiu.es\/wp-content\/uploads\/2025\/02\/11_FestivalCancoDelGrau-768x512.jpeg 768w\" sizes=\"auto, (max-width: 1000px) 100vw, 1000px\" \/><\/figure>\n","protected":false},"featured_media":727,"template":"","meta":{"_acf_changed":false,"_coblocks_attr":"","_coblocks_dimensions":"","_coblocks_responsive_height":"","_coblocks_accordion_ie_support":""},"categoria-de-proyecto":[8],"class_list":["post-726","proyecto","type-proyecto","status-publish","has-post-thumbnail","hentry","categoria-de-proyecto-grafico"],"acf":[],"_links":{"self":[{"href":"https:\/\/estiu.es\/en\/wp-json\/wp\/v2\/proyecto\/726","targetHints":{"allow":["GET"]}}],"collection":[{"href":"https:\/\/estiu.es\/en\/wp-json\/wp\/v2\/proyecto"}],"about":[{"href":"https:\/\/estiu.es\/en\/wp-json\/wp\/v2\/types\/proyecto"}],"wp:featuredmedia":[{"embeddable":true,"href":"https:\/\/estiu.es\/en\/wp-json\/wp\/v2\/media\/727"}],"wp:attachment":[{"href":"https:\/\/estiu.es\/en\/wp-json\/wp\/v2\/media?parent=726"}],"wp:term":[{"taxonomy":"categoria-de-proyecto","embeddable":true,"href":"https:\/\/estiu.es\/en\/wp-json\/wp\/v2\/categoria-de-proyecto?post=726"}],"curies":[{"name":"wp","href":"https:\/\/api.w.org\/{rel}","templated":true}]}}