{"id":707,"date":"2018-08-20T10:19:00","date_gmt":"2018-08-20T08:19:00","guid":{"rendered":"https:\/\/estiu.es\/?post_type=proyecto&#038;p=707"},"modified":"2025-02-04T10:21:43","modified_gmt":"2025-02-04T09:21:43","slug":"fur-immer-zigeuner","status":"publish","type":"proyecto","link":"https:\/\/estiu.es\/en\/proyecto\/fur-immer-zigeuner\/","title":{"rendered":"Fu\u0308r immer &#8220;Zigeuner&#8221;?"},"content":{"rendered":"\n<p>Dise\u00f1o y maquetaci\u00f3n de un libro sobre el pueblo gitano\u00a0en Alemania. El trabajo se realiz\u00f3 en estrecha colaboraci\u00f3n con Bo Soremsky, encargado de ilustrar los diferentes cap\u00edtulos. Para los t\u00edtulos se emple\u00f3 la tipograf\u00eda &#8220;Broza&#8221;, realizada por Antonio Ballesteros. Editado por Ulrich Steuten para VIA e.V. (Verband f\u00fcr Interkulturelle Arbeit).<\/p>\n\n\n\n<figure class=\"wp-block-image size-full\"><img loading=\"lazy\" decoding=\"async\" width=\"1000\" height=\"669\" src=\"https:\/\/estiu.es\/wp-content\/uploads\/2025\/02\/6_Zigeuner.jpeg\" alt=\"\" class=\"wp-image-709\" srcset=\"https:\/\/estiu.es\/wp-content\/uploads\/2025\/02\/6_Zigeuner.jpeg 1000w, https:\/\/estiu.es\/wp-content\/uploads\/2025\/02\/6_Zigeuner-300x201.jpeg 300w, https:\/\/estiu.es\/wp-content\/uploads\/2025\/02\/6_Zigeuner-768x514.jpeg 768w\" sizes=\"auto, (max-width: 1000px) 100vw, 1000px\" \/><\/figure>\n\n\n\n<figure class=\"wp-block-image size-full\"><img loading=\"lazy\" decoding=\"async\" width=\"1000\" height=\"669\" src=\"https:\/\/estiu.es\/wp-content\/uploads\/2025\/02\/5_Zigeuner.jpeg\" alt=\"\" class=\"wp-image-710\" srcset=\"https:\/\/estiu.es\/wp-content\/uploads\/2025\/02\/5_Zigeuner.jpeg 1000w, https:\/\/estiu.es\/wp-content\/uploads\/2025\/02\/5_Zigeuner-300x201.jpeg 300w, https:\/\/estiu.es\/wp-content\/uploads\/2025\/02\/5_Zigeuner-768x514.jpeg 768w\" sizes=\"auto, (max-width: 1000px) 100vw, 1000px\" \/><\/figure>\n\n\n\n<figure class=\"wp-block-image size-full\"><img loading=\"lazy\" decoding=\"async\" width=\"1000\" height=\"669\" src=\"https:\/\/estiu.es\/wp-content\/uploads\/2025\/02\/4_Zigeuner.jpeg\" alt=\"\" class=\"wp-image-712\" srcset=\"https:\/\/estiu.es\/wp-content\/uploads\/2025\/02\/4_Zigeuner.jpeg 1000w, https:\/\/estiu.es\/wp-content\/uploads\/2025\/02\/4_Zigeuner-300x201.jpeg 300w, https:\/\/estiu.es\/wp-content\/uploads\/2025\/02\/4_Zigeuner-768x514.jpeg 768w\" sizes=\"auto, (max-width: 1000px) 100vw, 1000px\" \/><\/figure>\n\n\n\n<figure class=\"wp-block-image size-full\"><img loading=\"lazy\" decoding=\"async\" width=\"1000\" height=\"669\" src=\"https:\/\/estiu.es\/wp-content\/uploads\/2025\/02\/2_Zigeuner.jpeg\" alt=\"\" class=\"wp-image-714\" srcset=\"https:\/\/estiu.es\/wp-content\/uploads\/2025\/02\/2_Zigeuner.jpeg 1000w, https:\/\/estiu.es\/wp-content\/uploads\/2025\/02\/2_Zigeuner-300x201.jpeg 300w, https:\/\/estiu.es\/wp-content\/uploads\/2025\/02\/2_Zigeuner-768x514.jpeg 768w\" sizes=\"auto, (max-width: 1000px) 100vw, 1000px\" \/><\/figure>\n\n\n\n<figure class=\"wp-block-image size-full\"><img loading=\"lazy\" decoding=\"async\" width=\"1000\" height=\"669\" src=\"https:\/\/estiu.es\/wp-content\/uploads\/2025\/02\/3_Zigeuner.jpeg\" alt=\"\" class=\"wp-image-711\" srcset=\"https:\/\/estiu.es\/wp-content\/uploads\/2025\/02\/3_Zigeuner.jpeg 1000w, https:\/\/estiu.es\/wp-content\/uploads\/2025\/02\/3_Zigeuner-300x201.jpeg 300w, https:\/\/estiu.es\/wp-content\/uploads\/2025\/02\/3_Zigeuner-768x514.jpeg 768w\" sizes=\"auto, (max-width: 1000px) 100vw, 1000px\" \/><\/figure>\n\n\n\n<figure class=\"wp-block-image size-full\"><img loading=\"lazy\" decoding=\"async\" width=\"1000\" height=\"669\" src=\"https:\/\/estiu.es\/wp-content\/uploads\/2025\/02\/7_Zigeuner.jpeg\" alt=\"\" class=\"wp-image-713\" srcset=\"https:\/\/estiu.es\/wp-content\/uploads\/2025\/02\/7_Zigeuner.jpeg 1000w, https:\/\/estiu.es\/wp-content\/uploads\/2025\/02\/7_Zigeuner-300x201.jpeg 300w, https:\/\/estiu.es\/wp-content\/uploads\/2025\/02\/7_Zigeuner-768x514.jpeg 768w\" sizes=\"auto, (max-width: 1000px) 100vw, 1000px\" \/><\/figure>\n","protected":false},"featured_media":708,"template":"","meta":{"_acf_changed":false,"_coblocks_attr":"","_coblocks_dimensions":"","_coblocks_responsive_height":"","_coblocks_accordion_ie_support":""},"categoria-de-proyecto":[3,9],"class_list":["post-707","proyecto","type-proyecto","status-publish","has-post-thumbnail","hentry","categoria-de-proyecto-editorial","categoria-de-proyecto-ilustracion"],"acf":[],"_links":{"self":[{"href":"https:\/\/estiu.es\/en\/wp-json\/wp\/v2\/proyecto\/707","targetHints":{"allow":["GET"]}}],"collection":[{"href":"https:\/\/estiu.es\/en\/wp-json\/wp\/v2\/proyecto"}],"about":[{"href":"https:\/\/estiu.es\/en\/wp-json\/wp\/v2\/types\/proyecto"}],"wp:featuredmedia":[{"embeddable":true,"href":"https:\/\/estiu.es\/en\/wp-json\/wp\/v2\/media\/708"}],"wp:attachment":[{"href":"https:\/\/estiu.es\/en\/wp-json\/wp\/v2\/media?parent=707"}],"wp:term":[{"taxonomy":"categoria-de-proyecto","embeddable":true,"href":"https:\/\/estiu.es\/en\/wp-json\/wp\/v2\/categoria-de-proyecto?post=707"}],"curies":[{"name":"wp","href":"https:\/\/api.w.org\/{rel}","templated":true}]}}