{"id":696,"date":"2018-02-20T10:10:00","date_gmt":"2018-02-20T09:10:00","guid":{"rendered":"https:\/\/estiu.es\/?post_type=proyecto&#038;p=696"},"modified":"2025-02-04T10:11:47","modified_gmt":"2025-02-04T09:11:47","slug":"anuario-valencia-plaza-2016","status":"publish","type":"proyecto","link":"https:\/\/estiu.es\/en\/proyecto\/anuario-valencia-plaza-2016\/","title":{"rendered":"Anuario Valencia Plaza 2016"},"content":{"rendered":"\n<p>Dise\u00f1o y maquetaci\u00f3n del Anuario 2016 de\u00a0Valencia Plaza, publicaci\u00f3n que resume los contenidos m\u00e1s destacados publicados por este diario digital durante el a\u00f1o anterior. En esta ocasi\u00f3n, Para la doble p\u00e1gina infogr\u00e1fica y los retratos contamos con la colaboraci\u00f3n de\u00a0Jose Javier Espinosa.<\/p>\n","protected":false},"featured_media":697,"template":"","meta":{"_acf_changed":false,"_coblocks_attr":"","_coblocks_dimensions":"","_coblocks_responsive_height":"","_coblocks_accordion_ie_support":""},"categoria-de-proyecto":[3],"class_list":["post-696","proyecto","type-proyecto","status-publish","has-post-thumbnail","hentry","categoria-de-proyecto-editorial"],"acf":[],"_links":{"self":[{"href":"https:\/\/estiu.es\/en\/wp-json\/wp\/v2\/proyecto\/696","targetHints":{"allow":["GET"]}}],"collection":[{"href":"https:\/\/estiu.es\/en\/wp-json\/wp\/v2\/proyecto"}],"about":[{"href":"https:\/\/estiu.es\/en\/wp-json\/wp\/v2\/types\/proyecto"}],"wp:featuredmedia":[{"embeddable":true,"href":"https:\/\/estiu.es\/en\/wp-json\/wp\/v2\/media\/697"}],"wp:attachment":[{"href":"https:\/\/estiu.es\/en\/wp-json\/wp\/v2\/media?parent=696"}],"wp:term":[{"taxonomy":"categoria-de-proyecto","embeddable":true,"href":"https:\/\/estiu.es\/en\/wp-json\/wp\/v2\/categoria-de-proyecto?post=696"}],"curies":[{"name":"wp","href":"https:\/\/api.w.org\/{rel}","templated":true}]}}