{"id":559,"date":"2020-01-16T12:28:00","date_gmt":"2020-01-16T11:28:00","guid":{"rendered":"https:\/\/estiu.es\/?post_type=proyecto&#038;p=559"},"modified":"2025-02-03T12:30:54","modified_gmt":"2025-02-03T11:30:54","slug":"percepcion-social-de-la-innovacion","status":"publish","type":"proyecto","link":"https:\/\/estiu.es\/en\/proyecto\/percepcion-social-de-la-innovacion\/","title":{"rendered":"Percepcio\u0301n social de la innovacio\u0301n"},"content":{"rendered":"\n<p>Dise\u00f1o del informe&nbsp;que resume los resultados del estudio de &#8216;Percepci\u00f3n social de la innovaci\u00f3n en la Comunidad Valenciana&#8217; impulsado por REDIT con el objetivo de conocer la percepci\u00f3n sobre la innovaci\u00f3n que tienen los ciudadanos de la regi\u00f3n y los principales colectivos que componen el&nbsp;ecosistema innovador&nbsp;y ha contado con el apoyo de la Agencia Valenciana de la Innovaci\u00f3n (AVI).<\/p>\n\n\n\n<p>El estudio tambi\u00e9n analiza factores relacionados con la cultura de la innovaci\u00f3n, los colectivos que son percibidos como los m\u00e1s innovadores, el posicionamiento de la Comunidad Valenciana a nivel nacional y la evoluci\u00f3n en los \u00faltimos a\u00f1os, las razones por las que innovan nuestras empresas y los principales frenos a la innovaci\u00f3n.<\/p>\n\n\n\n<figure class=\"wp-block-image size-large\"><img loading=\"lazy\" decoding=\"async\" width=\"1024\" height=\"683\" src=\"https:\/\/estiu.es\/wp-content\/uploads\/2025\/02\/8_PercepionSobreLaInnovacion-1024x683.jpeg\" alt=\"\" class=\"wp-image-561\" srcset=\"https:\/\/estiu.es\/wp-content\/uploads\/2025\/02\/8_PercepionSobreLaInnovacion-1024x683.jpeg 1024w, https:\/\/estiu.es\/wp-content\/uploads\/2025\/02\/8_PercepionSobreLaInnovacion-300x200.jpeg 300w, https:\/\/estiu.es\/wp-content\/uploads\/2025\/02\/8_PercepionSobreLaInnovacion-768x512.jpeg 768w, https:\/\/estiu.es\/wp-content\/uploads\/2025\/02\/8_PercepionSobreLaInnovacion-1536x1024.jpeg 1536w, https:\/\/estiu.es\/wp-content\/uploads\/2025\/02\/8_PercepionSobreLaInnovacion-2048x1365.jpeg 2048w\" sizes=\"auto, (max-width: 1024px) 100vw, 1024px\" \/><\/figure>\n\n\n\n<figure class=\"wp-block-image size-large\"><img loading=\"lazy\" decoding=\"async\" width=\"1024\" height=\"682\" src=\"https:\/\/estiu.es\/wp-content\/uploads\/2025\/02\/6_PercepionSobreLaInnovacion-1024x682.jpeg\" alt=\"\" class=\"wp-image-562\" srcset=\"https:\/\/estiu.es\/wp-content\/uploads\/2025\/02\/6_PercepionSobreLaInnovacion-1024x682.jpeg 1024w, https:\/\/estiu.es\/wp-content\/uploads\/2025\/02\/6_PercepionSobreLaInnovacion-300x200.jpeg 300w, https:\/\/estiu.es\/wp-content\/uploads\/2025\/02\/6_PercepionSobreLaInnovacion-768x512.jpeg 768w, https:\/\/estiu.es\/wp-content\/uploads\/2025\/02\/6_PercepionSobreLaInnovacion-1536x1024.jpeg 1536w, https:\/\/estiu.es\/wp-content\/uploads\/2025\/02\/6_PercepionSobreLaInnovacion.jpeg 1760w\" sizes=\"auto, (max-width: 1024px) 100vw, 1024px\" \/><\/figure>\n\n\n\n<figure class=\"wp-block-image size-large\"><img loading=\"lazy\" decoding=\"async\" width=\"1024\" height=\"682\" src=\"https:\/\/estiu.es\/wp-content\/uploads\/2025\/02\/2_PercepionSobreLaInnovacion-1024x682.jpeg\" alt=\"\" class=\"wp-image-563\" srcset=\"https:\/\/estiu.es\/wp-content\/uploads\/2025\/02\/2_PercepionSobreLaInnovacion-1024x682.jpeg 1024w, https:\/\/estiu.es\/wp-content\/uploads\/2025\/02\/2_PercepionSobreLaInnovacion-300x200.jpeg 300w, https:\/\/estiu.es\/wp-content\/uploads\/2025\/02\/2_PercepionSobreLaInnovacion-768x512.jpeg 768w, https:\/\/estiu.es\/wp-content\/uploads\/2025\/02\/2_PercepionSobreLaInnovacion-1536x1024.jpeg 1536w, https:\/\/estiu.es\/wp-content\/uploads\/2025\/02\/2_PercepionSobreLaInnovacion.jpeg 1760w\" sizes=\"auto, (max-width: 1024px) 100vw, 1024px\" \/><\/figure>\n\n\n\n<figure class=\"wp-block-image size-large\"><img loading=\"lazy\" decoding=\"async\" width=\"1024\" height=\"682\" src=\"https:\/\/estiu.es\/wp-content\/uploads\/2025\/02\/5_PercepionSobreLaInnovacion-1024x682.jpeg\" alt=\"\" class=\"wp-image-564\" srcset=\"https:\/\/estiu.es\/wp-content\/uploads\/2025\/02\/5_PercepionSobreLaInnovacion-1024x682.jpeg 1024w, https:\/\/estiu.es\/wp-content\/uploads\/2025\/02\/5_PercepionSobreLaInnovacion-300x200.jpeg 300w, https:\/\/estiu.es\/wp-content\/uploads\/2025\/02\/5_PercepionSobreLaInnovacion-768x512.jpeg 768w, https:\/\/estiu.es\/wp-content\/uploads\/2025\/02\/5_PercepionSobreLaInnovacion-1536x1024.jpeg 1536w, https:\/\/estiu.es\/wp-content\/uploads\/2025\/02\/5_PercepionSobreLaInnovacion.jpeg 1760w\" sizes=\"auto, (max-width: 1024px) 100vw, 1024px\" \/><\/figure>\n\n\n\n<figure class=\"wp-block-image size-large\"><img loading=\"lazy\" decoding=\"async\" width=\"1024\" height=\"682\" src=\"https:\/\/estiu.es\/wp-content\/uploads\/2025\/02\/4_PercepionSobreLaInnovacion-1024x682.jpeg\" alt=\"\" class=\"wp-image-565\" srcset=\"https:\/\/estiu.es\/wp-content\/uploads\/2025\/02\/4_PercepionSobreLaInnovacion-1024x682.jpeg 1024w, https:\/\/estiu.es\/wp-content\/uploads\/2025\/02\/4_PercepionSobreLaInnovacion-300x200.jpeg 300w, https:\/\/estiu.es\/wp-content\/uploads\/2025\/02\/4_PercepionSobreLaInnovacion-768x512.jpeg 768w, https:\/\/estiu.es\/wp-content\/uploads\/2025\/02\/4_PercepionSobreLaInnovacion-1536x1024.jpeg 1536w, https:\/\/estiu.es\/wp-content\/uploads\/2025\/02\/4_PercepionSobreLaInnovacion.jpeg 1760w\" sizes=\"auto, (max-width: 1024px) 100vw, 1024px\" \/><\/figure>\n\n\n\n<p>\u2014&nbsp;<\/p>\n\n\n\n<p>Ilustraci\u00f3n portada: Patricia Bolinches<br>Realizado en colaboraci\u00f3n con Pablo Ejarque.\u00a0<br>Fotos del proyecto: Mar\u00eda Mira<\/p>\n","protected":false},"featured_media":560,"template":"","meta":{"_acf_changed":false,"_coblocks_attr":"","_coblocks_dimensions":"","_coblocks_responsive_height":"","_coblocks_accordion_ie_support":""},"categoria-de-proyecto":[3],"class_list":["post-559","proyecto","type-proyecto","status-publish","has-post-thumbnail","hentry","categoria-de-proyecto-editorial"],"acf":[],"_links":{"self":[{"href":"https:\/\/estiu.es\/en\/wp-json\/wp\/v2\/proyecto\/559","targetHints":{"allow":["GET"]}}],"collection":[{"href":"https:\/\/estiu.es\/en\/wp-json\/wp\/v2\/proyecto"}],"about":[{"href":"https:\/\/estiu.es\/en\/wp-json\/wp\/v2\/types\/proyecto"}],"wp:featuredmedia":[{"embeddable":true,"href":"https:\/\/estiu.es\/en\/wp-json\/wp\/v2\/media\/560"}],"wp:attachment":[{"href":"https:\/\/estiu.es\/en\/wp-json\/wp\/v2\/media?parent=559"}],"wp:term":[{"taxonomy":"categoria-de-proyecto","embeddable":true,"href":"https:\/\/estiu.es\/en\/wp-json\/wp\/v2\/categoria-de-proyecto?post=559"}],"curies":[{"name":"wp","href":"https:\/\/api.w.org\/{rel}","templated":true}]}}