{"id":929,"date":"2012-12-21T12:45:00","date_gmt":"2012-12-21T11:45:00","guid":{"rendered":"https:\/\/estiu.es\/?post_type=proyecto&#038;p=929"},"modified":"2025-02-04T12:48:14","modified_gmt":"2025-02-04T11:48:14","slug":"anuario-valencia-plaza-2012","status":"publish","type":"proyecto","link":"https:\/\/estiu.es\/ca\/proyecto\/anuario-valencia-plaza-2012\/","title":{"rendered":"Anuario Valencia Plaza 2012"},"content":{"rendered":"\n<p>El Anuario de Econom\u00eda de la Comunitat Valenciana es una recopilaci\u00f3n de los contenidos m\u00e1s destacados que ha tratado la redacci\u00f3n del diario online Valencia Plaza.&nbsp;<\/p>\n\n\n\n<p>Bajo el t\u00edtulo \u2018El a\u00f1o de los recortes\u2018 y con una portada con fotograf\u00eda de Jes\u00fas C\u00edscar, el anuario repasa a trav\u00e9s de 132 p\u00e1ginas las principales noticias que marcaron un a\u00f1o tan convulso. En esta su tercera edici\u00f3n, la que re\u00fane los contenidos m\u00e1s interesantes de 2012, se reorient\u00f3 la publicaci\u00f3n para dotarla de un tratamiento m\u00e1s sosegado gracias al uso de las 14 ilustraciones&nbsp;ilustraciones que incluye la publicaci\u00f3n.&nbsp;<\/p>\n\n\n\n<figure class=\"wp-block-image size-full\"><img loading=\"lazy\" decoding=\"async\" width=\"1000\" height=\"669\" src=\"https:\/\/estiu.es\/wp-content\/uploads\/2025\/02\/4_AnuarioValenciaPlaza2012.jpeg\" alt=\"\" class=\"wp-image-931\" srcset=\"https:\/\/estiu.es\/wp-content\/uploads\/2025\/02\/4_AnuarioValenciaPlaza2012.jpeg 1000w, https:\/\/estiu.es\/wp-content\/uploads\/2025\/02\/4_AnuarioValenciaPlaza2012-300x201.jpeg 300w, https:\/\/estiu.es\/wp-content\/uploads\/2025\/02\/4_AnuarioValenciaPlaza2012-768x514.jpeg 768w\" sizes=\"auto, (max-width: 1000px) 100vw, 1000px\" \/><\/figure>\n\n\n\n<figure class=\"wp-block-image size-full\"><img loading=\"lazy\" decoding=\"async\" width=\"1000\" height=\"669\" src=\"https:\/\/estiu.es\/wp-content\/uploads\/2025\/02\/5_AnuarioValenciaPlaza2012.jpeg\" alt=\"\" class=\"wp-image-932\" srcset=\"https:\/\/estiu.es\/wp-content\/uploads\/2025\/02\/5_AnuarioValenciaPlaza2012.jpeg 1000w, https:\/\/estiu.es\/wp-content\/uploads\/2025\/02\/5_AnuarioValenciaPlaza2012-300x201.jpeg 300w, https:\/\/estiu.es\/wp-content\/uploads\/2025\/02\/5_AnuarioValenciaPlaza2012-768x514.jpeg 768w\" sizes=\"auto, (max-width: 1000px) 100vw, 1000px\" \/><\/figure>\n\n\n\n<figure class=\"wp-block-image size-full\"><img loading=\"lazy\" decoding=\"async\" width=\"1000\" height=\"669\" src=\"https:\/\/estiu.es\/wp-content\/uploads\/2025\/02\/3_AnuarioValenciaPlaza2012.jpeg\" alt=\"\" class=\"wp-image-934\" srcset=\"https:\/\/estiu.es\/wp-content\/uploads\/2025\/02\/3_AnuarioValenciaPlaza2012.jpeg 1000w, https:\/\/estiu.es\/wp-content\/uploads\/2025\/02\/3_AnuarioValenciaPlaza2012-300x201.jpeg 300w, https:\/\/estiu.es\/wp-content\/uploads\/2025\/02\/3_AnuarioValenciaPlaza2012-768x514.jpeg 768w\" sizes=\"auto, (max-width: 1000px) 100vw, 1000px\" \/><\/figure>\n\n\n\n<figure class=\"wp-block-image size-full\"><img loading=\"lazy\" decoding=\"async\" width=\"1000\" height=\"669\" src=\"https:\/\/estiu.es\/wp-content\/uploads\/2025\/02\/6_AnuarioValenciaPlaza2012.jpeg\" alt=\"\" class=\"wp-image-933\" srcset=\"https:\/\/estiu.es\/wp-content\/uploads\/2025\/02\/6_AnuarioValenciaPlaza2012.jpeg 1000w, https:\/\/estiu.es\/wp-content\/uploads\/2025\/02\/6_AnuarioValenciaPlaza2012-300x201.jpeg 300w, https:\/\/estiu.es\/wp-content\/uploads\/2025\/02\/6_AnuarioValenciaPlaza2012-768x514.jpeg 768w\" sizes=\"auto, (max-width: 1000px) 100vw, 1000px\" \/><\/figure>\n\n\n\n<figure class=\"wp-block-image size-full\"><img loading=\"lazy\" decoding=\"async\" width=\"1000\" height=\"669\" src=\"https:\/\/estiu.es\/wp-content\/uploads\/2025\/02\/7_AnuarioValenciaPlaza2012.jpeg\" alt=\"\" class=\"wp-image-936\" srcset=\"https:\/\/estiu.es\/wp-content\/uploads\/2025\/02\/7_AnuarioValenciaPlaza2012.jpeg 1000w, https:\/\/estiu.es\/wp-content\/uploads\/2025\/02\/7_AnuarioValenciaPlaza2012-300x201.jpeg 300w, https:\/\/estiu.es\/wp-content\/uploads\/2025\/02\/7_AnuarioValenciaPlaza2012-768x514.jpeg 768w\" sizes=\"auto, (max-width: 1000px) 100vw, 1000px\" \/><\/figure>\n\n\n\n<p>\u2014&nbsp;<\/p>\n\n\n\n<p>M\u00e1s info:\u00a0<a href=\"http:\/\/issuu.com\/valencia-plaza\">http:\/\/issuu.com\/valencia-plaza<\/a><\/p>\n","protected":false},"featured_media":930,"template":"","meta":{"_acf_changed":false,"_coblocks_attr":"","_coblocks_dimensions":"","_coblocks_responsive_height":"","_coblocks_accordion_ie_support":""},"categoria-de-proyecto":[3,9],"class_list":["post-929","proyecto","type-proyecto","status-publish","has-post-thumbnail","hentry","categoria-de-proyecto-editorial","categoria-de-proyecto-ilustracion"],"acf":[],"_links":{"self":[{"href":"https:\/\/estiu.es\/ca\/wp-json\/wp\/v2\/proyecto\/929","targetHints":{"allow":["GET"]}}],"collection":[{"href":"https:\/\/estiu.es\/ca\/wp-json\/wp\/v2\/proyecto"}],"about":[{"href":"https:\/\/estiu.es\/ca\/wp-json\/wp\/v2\/types\/proyecto"}],"wp:featuredmedia":[{"embeddable":true,"href":"https:\/\/estiu.es\/ca\/wp-json\/wp\/v2\/media\/930"}],"wp:attachment":[{"href":"https:\/\/estiu.es\/ca\/wp-json\/wp\/v2\/media?parent=929"}],"wp:term":[{"taxonomy":"categoria-de-proyecto","embeddable":true,"href":"https:\/\/estiu.es\/ca\/wp-json\/wp\/v2\/categoria-de-proyecto?post=929"}],"curies":[{"name":"wp","href":"https:\/\/api.w.org\/{rel}","templated":true}]}}