{"id":829,"date":"2014-09-22T11:28:00","date_gmt":"2014-09-22T09:28:00","guid":{"rendered":"https:\/\/estiu.es\/?post_type=proyecto&#038;p=829"},"modified":"2025-02-04T11:31:31","modified_gmt":"2025-02-04T10:31:31","slug":"verlanga","status":"publish","type":"proyecto","link":"https:\/\/estiu.es\/ca\/proyecto\/verlanga\/","title":{"rendered":"Verlanga"},"content":{"rendered":"\n<p>Verlanga es una revista online centrada en la actualidad cultural de la ciudad de Valencia.&nbsp;La reivindicaci\u00f3n de la ciudad y sus talentos ocultos, as\u00ed como del periodismo de calidad, a trav\u00e9s art\u00edculos, reportajes, entrevistas y secciones personalizadas, son las se\u00f1as&nbsp;de identidad de esta publicaci\u00f3n que naci\u00f3 a mediados de 2013.<\/p>\n\n\n\n<p>Hemos participado en la&nbsp;puesta en marcha de la revista tanto en&nbsp;el dise\u00f1o de la imagen corporativa, como en el dise\u00f1o y programaci\u00f3n&nbsp;de la web. Adem\u00e1s hemos desarrollado toda la carteler\u00eda y los sistemas gr\u00e1ficos que usa la publicaci\u00f3n en las redes sociales y en los eventos que generan.&nbsp;<\/p>\n\n\n\n<figure class=\"wp-block-image size-full is-resized\"><img loading=\"lazy\" decoding=\"async\" width=\"1000\" height=\"669\" src=\"https:\/\/estiu.es\/wp-content\/uploads\/2025\/02\/4_Verlanga.gif\" alt=\"\" class=\"wp-image-830\" style=\"width:840px;height:auto\"\/><\/figure>\n\n\n\n<figure class=\"wp-block-image size-full\"><img loading=\"lazy\" decoding=\"async\" width=\"1000\" height=\"669\" src=\"https:\/\/estiu.es\/wp-content\/uploads\/2025\/02\/1_Verlanga.jpeg\" alt=\"\" class=\"wp-image-831\" srcset=\"https:\/\/estiu.es\/wp-content\/uploads\/2025\/02\/1_Verlanga.jpeg 1000w, https:\/\/estiu.es\/wp-content\/uploads\/2025\/02\/1_Verlanga-300x201.jpeg 300w, https:\/\/estiu.es\/wp-content\/uploads\/2025\/02\/1_Verlanga-768x514.jpeg 768w\" sizes=\"auto, (max-width: 1000px) 100vw, 1000px\" \/><\/figure>\n\n\n\n<figure class=\"wp-block-image size-full\"><img loading=\"lazy\" decoding=\"async\" width=\"1000\" height=\"669\" src=\"https:\/\/estiu.es\/wp-content\/uploads\/2025\/02\/2_Verlanga.jpeg\" alt=\"\" class=\"wp-image-832\" srcset=\"https:\/\/estiu.es\/wp-content\/uploads\/2025\/02\/2_Verlanga.jpeg 1000w, https:\/\/estiu.es\/wp-content\/uploads\/2025\/02\/2_Verlanga-300x201.jpeg 300w, https:\/\/estiu.es\/wp-content\/uploads\/2025\/02\/2_Verlanga-768x514.jpeg 768w\" sizes=\"auto, (max-width: 1000px) 100vw, 1000px\" \/><\/figure>\n\n\n\n<figure class=\"wp-block-image size-full\"><img loading=\"lazy\" decoding=\"async\" width=\"1000\" height=\"669\" src=\"https:\/\/estiu.es\/wp-content\/uploads\/2025\/02\/3_Verlanga.jpeg\" alt=\"\" class=\"wp-image-833\" srcset=\"https:\/\/estiu.es\/wp-content\/uploads\/2025\/02\/3_Verlanga.jpeg 1000w, https:\/\/estiu.es\/wp-content\/uploads\/2025\/02\/3_Verlanga-300x201.jpeg 300w, https:\/\/estiu.es\/wp-content\/uploads\/2025\/02\/3_Verlanga-768x514.jpeg 768w\" sizes=\"auto, (max-width: 1000px) 100vw, 1000px\" \/><\/figure>\n\n\n\n<p>\u2014&nbsp;<\/p>\n\n\n\n<p><a href=\"https:\/\/verlanga.com\/\">www.verlanga.com<\/a><\/p>\n","protected":false},"featured_media":834,"template":"","meta":{"_acf_changed":false,"_coblocks_attr":"","_coblocks_dimensions":"","_coblocks_responsive_height":"","_coblocks_accordion_ie_support":""},"categoria-de-proyecto":[8,4,6],"class_list":["post-829","proyecto","type-proyecto","status-publish","has-post-thumbnail","hentry","categoria-de-proyecto-grafico","categoria-de-proyecto-identidad","categoria-de-proyecto-web"],"acf":[],"_links":{"self":[{"href":"https:\/\/estiu.es\/ca\/wp-json\/wp\/v2\/proyecto\/829","targetHints":{"allow":["GET"]}}],"collection":[{"href":"https:\/\/estiu.es\/ca\/wp-json\/wp\/v2\/proyecto"}],"about":[{"href":"https:\/\/estiu.es\/ca\/wp-json\/wp\/v2\/types\/proyecto"}],"wp:featuredmedia":[{"embeddable":true,"href":"https:\/\/estiu.es\/ca\/wp-json\/wp\/v2\/media\/834"}],"wp:attachment":[{"href":"https:\/\/estiu.es\/ca\/wp-json\/wp\/v2\/media?parent=829"}],"wp:term":[{"taxonomy":"categoria-de-proyecto","embeddable":true,"href":"https:\/\/estiu.es\/ca\/wp-json\/wp\/v2\/categoria-de-proyecto?post=829"}],"curies":[{"name":"wp","href":"https:\/\/api.w.org\/{rel}","templated":true}]}}