{"id":801,"date":"2015-07-27T11:07:00","date_gmt":"2015-07-27T09:07:00","guid":{"rendered":"https:\/\/estiu.es\/?post_type=proyecto&#038;p=801"},"modified":"2025-02-04T11:10:46","modified_gmt":"2025-02-04T10:10:46","slug":"incubarte-2015","status":"publish","type":"proyecto","link":"https:\/\/estiu.es\/ca\/proyecto\/incubarte-2015\/","title":{"rendered":"Incubarte 2015"},"content":{"rendered":"\n<p>Desarrollo de la imagen gr\u00e1fica para la s\u00e9ptima edici\u00f3n del Festival Internacional de Arte Independiente Incubarte, un evento cultural desarrollado en la ciudad de Valencia que a\u00fana artes pl\u00e1sticas y visuales.<\/p>\n\n\n\n<figure class=\"wp-block-image size-full\"><img loading=\"lazy\" decoding=\"async\" width=\"1000\" height=\"701\" src=\"https:\/\/estiu.es\/wp-content\/uploads\/2025\/02\/5_Incubarte2015.jpeg\" alt=\"\" class=\"wp-image-803\" srcset=\"https:\/\/estiu.es\/wp-content\/uploads\/2025\/02\/5_Incubarte2015.jpeg 1000w, https:\/\/estiu.es\/wp-content\/uploads\/2025\/02\/5_Incubarte2015-300x210.jpeg 300w, https:\/\/estiu.es\/wp-content\/uploads\/2025\/02\/5_Incubarte2015-768x538.jpeg 768w\" sizes=\"auto, (max-width: 1000px) 100vw, 1000px\" \/><\/figure>\n\n\n\n<figure class=\"wp-block-image size-full\"><img loading=\"lazy\" decoding=\"async\" width=\"1000\" height=\"701\" src=\"https:\/\/estiu.es\/wp-content\/uploads\/2025\/02\/2_Incubarte2015.jpeg\" alt=\"\" class=\"wp-image-804\" srcset=\"https:\/\/estiu.es\/wp-content\/uploads\/2025\/02\/2_Incubarte2015.jpeg 1000w, https:\/\/estiu.es\/wp-content\/uploads\/2025\/02\/2_Incubarte2015-300x210.jpeg 300w, https:\/\/estiu.es\/wp-content\/uploads\/2025\/02\/2_Incubarte2015-768x538.jpeg 768w\" sizes=\"auto, (max-width: 1000px) 100vw, 1000px\" \/><\/figure>\n\n\n\n<figure class=\"wp-block-image size-full\"><img loading=\"lazy\" decoding=\"async\" width=\"1000\" height=\"701\" src=\"https:\/\/estiu.es\/wp-content\/uploads\/2025\/02\/4_Incubarte2015.jpeg\" alt=\"\" class=\"wp-image-805\" srcset=\"https:\/\/estiu.es\/wp-content\/uploads\/2025\/02\/4_Incubarte2015.jpeg 1000w, https:\/\/estiu.es\/wp-content\/uploads\/2025\/02\/4_Incubarte2015-300x210.jpeg 300w, https:\/\/estiu.es\/wp-content\/uploads\/2025\/02\/4_Incubarte2015-768x538.jpeg 768w\" sizes=\"auto, (max-width: 1000px) 100vw, 1000px\" \/><\/figure>\n\n\n\n<figure class=\"wp-block-image size-full is-resized\"><img loading=\"lazy\" decoding=\"async\" width=\"800\" height=\"535\" src=\"https:\/\/estiu.es\/wp-content\/uploads\/2025\/02\/6_Incubarte2015.jpeg\" alt=\"\" class=\"wp-image-806\" style=\"width:840px;height:auto\" srcset=\"https:\/\/estiu.es\/wp-content\/uploads\/2025\/02\/6_Incubarte2015.jpeg 800w, https:\/\/estiu.es\/wp-content\/uploads\/2025\/02\/6_Incubarte2015-300x201.jpeg 300w, https:\/\/estiu.es\/wp-content\/uploads\/2025\/02\/6_Incubarte2015-768x514.jpeg 768w\" sizes=\"auto, (max-width: 800px) 100vw, 800px\" \/><\/figure>\n\n\n\n<figure class=\"wp-block-image size-full\"><img loading=\"lazy\" decoding=\"async\" width=\"1000\" height=\"701\" src=\"https:\/\/estiu.es\/wp-content\/uploads\/2025\/02\/3_Incubarte2015.jpeg\" alt=\"\" class=\"wp-image-807\" srcset=\"https:\/\/estiu.es\/wp-content\/uploads\/2025\/02\/3_Incubarte2015.jpeg 1000w, https:\/\/estiu.es\/wp-content\/uploads\/2025\/02\/3_Incubarte2015-300x210.jpeg 300w, https:\/\/estiu.es\/wp-content\/uploads\/2025\/02\/3_Incubarte2015-768x538.jpeg 768w\" sizes=\"auto, (max-width: 1000px) 100vw, 1000px\" \/><\/figure>\n","protected":false},"featured_media":802,"template":"","meta":{"_acf_changed":false,"_coblocks_attr":"","_coblocks_dimensions":"","_coblocks_responsive_height":"","_coblocks_accordion_ie_support":""},"categoria-de-proyecto":[8],"class_list":["post-801","proyecto","type-proyecto","status-publish","has-post-thumbnail","hentry","categoria-de-proyecto-grafico"],"acf":[],"_links":{"self":[{"href":"https:\/\/estiu.es\/ca\/wp-json\/wp\/v2\/proyecto\/801","targetHints":{"allow":["GET"]}}],"collection":[{"href":"https:\/\/estiu.es\/ca\/wp-json\/wp\/v2\/proyecto"}],"about":[{"href":"https:\/\/estiu.es\/ca\/wp-json\/wp\/v2\/types\/proyecto"}],"wp:featuredmedia":[{"embeddable":true,"href":"https:\/\/estiu.es\/ca\/wp-json\/wp\/v2\/media\/802"}],"wp:attachment":[{"href":"https:\/\/estiu.es\/ca\/wp-json\/wp\/v2\/media?parent=801"}],"wp:term":[{"taxonomy":"categoria-de-proyecto","embeddable":true,"href":"https:\/\/estiu.es\/ca\/wp-json\/wp\/v2\/categoria-de-proyecto?post=801"}],"curies":[{"name":"wp","href":"https:\/\/api.w.org\/{rel}","templated":true}]}}