{"id":446,"date":"2021-10-22T12:49:00","date_gmt":"2021-10-22T10:49:00","guid":{"rendered":"https:\/\/estiu.es\/?post_type=proyecto&#038;p=446"},"modified":"2025-01-23T12:55:18","modified_gmt":"2025-01-23T11:55:18","slug":"el-cinema-tunisia-dahir-i-de-hui","status":"publish","type":"proyecto","link":"https:\/\/estiu.es\/ca\/proyecto\/el-cinema-tunisia-dahir-i-de-hui\/","title":{"rendered":"El cinema tunisia\u0300 d&#8217;ahir i de hui"},"content":{"rendered":"\n<p>Dise\u00f1o y maquetaci\u00f3n de El cinema tunisi\u00e0 d\u2019ahir i de hui. Un libro editado por Mostra de Val\u00e8ncia &#8211; Cinema del Mediterrani \u2014en colaboraci\u00f3n con el Institut Valenci\u00e0 de Cultura\u2013\u2014 con motivo de su 36\u00aa edici\u00f3n, y que pone al alcance del p\u00fablico el trabajo del acad\u00e9mico y guionista Tarek Ben Chaabane. Impreso por La Imprenta CG.<\/p>\n\n\n\n<figure class=\"wp-block-image size-large\"><img loading=\"lazy\" decoding=\"async\" width=\"1024\" height=\"684\" src=\"https:\/\/estiu.es\/wp-content\/uploads\/2025\/01\/1_ElCinema-1024x684.jpeg\" alt=\"\" class=\"wp-image-448\" srcset=\"https:\/\/estiu.es\/wp-content\/uploads\/2025\/01\/1_ElCinema-1024x684.jpeg 1024w, https:\/\/estiu.es\/wp-content\/uploads\/2025\/01\/1_ElCinema-300x200.jpeg 300w, https:\/\/estiu.es\/wp-content\/uploads\/2025\/01\/1_ElCinema-768x513.jpeg 768w, https:\/\/estiu.es\/wp-content\/uploads\/2025\/01\/1_ElCinema.jpeg 1200w\" sizes=\"auto, (max-width: 1024px) 100vw, 1024px\" \/><\/figure>\n\n\n\n<figure class=\"wp-block-image size-large\"><img loading=\"lazy\" decoding=\"async\" width=\"1024\" height=\"684\" src=\"https:\/\/estiu.es\/wp-content\/uploads\/2025\/01\/5_ElCinema-1024x684.jpeg\" alt=\"\" class=\"wp-image-453\" srcset=\"https:\/\/estiu.es\/wp-content\/uploads\/2025\/01\/5_ElCinema-1024x684.jpeg 1024w, https:\/\/estiu.es\/wp-content\/uploads\/2025\/01\/5_ElCinema-300x200.jpeg 300w, https:\/\/estiu.es\/wp-content\/uploads\/2025\/01\/5_ElCinema-768x513.jpeg 768w, https:\/\/estiu.es\/wp-content\/uploads\/2025\/01\/5_ElCinema.jpeg 1200w\" sizes=\"auto, (max-width: 1024px) 100vw, 1024px\" \/><\/figure>\n\n\n\n<figure class=\"wp-block-image size-large\"><img loading=\"lazy\" decoding=\"async\" width=\"1024\" height=\"684\" src=\"https:\/\/estiu.es\/wp-content\/uploads\/2025\/01\/6_ElCinema-1024x684.jpeg\" alt=\"\" class=\"wp-image-449\" srcset=\"https:\/\/estiu.es\/wp-content\/uploads\/2025\/01\/6_ElCinema-1024x684.jpeg 1024w, https:\/\/estiu.es\/wp-content\/uploads\/2025\/01\/6_ElCinema-300x200.jpeg 300w, https:\/\/estiu.es\/wp-content\/uploads\/2025\/01\/6_ElCinema-768x513.jpeg 768w, https:\/\/estiu.es\/wp-content\/uploads\/2025\/01\/6_ElCinema.jpeg 1200w\" sizes=\"auto, (max-width: 1024px) 100vw, 1024px\" \/><\/figure>\n\n\n\n<figure class=\"wp-block-image size-large\"><img loading=\"lazy\" decoding=\"async\" width=\"1024\" height=\"684\" src=\"https:\/\/estiu.es\/wp-content\/uploads\/2025\/01\/11_ElCinema-1024x684.jpeg\" alt=\"\" class=\"wp-image-450\" srcset=\"https:\/\/estiu.es\/wp-content\/uploads\/2025\/01\/11_ElCinema-1024x684.jpeg 1024w, https:\/\/estiu.es\/wp-content\/uploads\/2025\/01\/11_ElCinema-300x200.jpeg 300w, https:\/\/estiu.es\/wp-content\/uploads\/2025\/01\/11_ElCinema-768x513.jpeg 768w, https:\/\/estiu.es\/wp-content\/uploads\/2025\/01\/11_ElCinema.jpeg 1200w\" sizes=\"auto, (max-width: 1024px) 100vw, 1024px\" \/><\/figure>\n\n\n\n<figure class=\"wp-block-image size-large\"><img loading=\"lazy\" decoding=\"async\" width=\"1024\" height=\"684\" src=\"https:\/\/estiu.es\/wp-content\/uploads\/2025\/01\/10_ElCinema-1024x684.jpeg\" alt=\"\" class=\"wp-image-451\" srcset=\"https:\/\/estiu.es\/wp-content\/uploads\/2025\/01\/10_ElCinema-1024x684.jpeg 1024w, https:\/\/estiu.es\/wp-content\/uploads\/2025\/01\/10_ElCinema-300x200.jpeg 300w, https:\/\/estiu.es\/wp-content\/uploads\/2025\/01\/10_ElCinema-768x513.jpeg 768w, https:\/\/estiu.es\/wp-content\/uploads\/2025\/01\/10_ElCinema.jpeg 1200w\" sizes=\"auto, (max-width: 1024px) 100vw, 1024px\" \/><\/figure>\n\n\n\n<figure class=\"wp-block-image size-large\"><img loading=\"lazy\" decoding=\"async\" width=\"1024\" height=\"684\" src=\"https:\/\/estiu.es\/wp-content\/uploads\/2025\/01\/2_ElCinema-1024x684.jpeg\" alt=\"\" class=\"wp-image-452\" srcset=\"https:\/\/estiu.es\/wp-content\/uploads\/2025\/01\/2_ElCinema-1024x684.jpeg 1024w, https:\/\/estiu.es\/wp-content\/uploads\/2025\/01\/2_ElCinema-300x200.jpeg 300w, https:\/\/estiu.es\/wp-content\/uploads\/2025\/01\/2_ElCinema-768x513.jpeg 768w, https:\/\/estiu.es\/wp-content\/uploads\/2025\/01\/2_ElCinema-1536x1025.jpeg 1536w, https:\/\/estiu.es\/wp-content\/uploads\/2025\/01\/2_ElCinema-2048x1367.jpeg 2048w\" sizes=\"auto, (max-width: 1024px) 100vw, 1024px\" \/><\/figure>\n\n\n\n<p>\u2014<\/p>\n\n\n\n<p>Fotos del proyecto:\u00a0Vicente Lara<\/p>\n","protected":false},"featured_media":447,"template":"","meta":{"_acf_changed":false,"_coblocks_attr":"","_coblocks_dimensions":"","_coblocks_responsive_height":"","_coblocks_accordion_ie_support":""},"categoria-de-proyecto":[3],"class_list":["post-446","proyecto","type-proyecto","status-publish","has-post-thumbnail","hentry","categoria-de-proyecto-editorial"],"acf":[],"_links":{"self":[{"href":"https:\/\/estiu.es\/ca\/wp-json\/wp\/v2\/proyecto\/446","targetHints":{"allow":["GET"]}}],"collection":[{"href":"https:\/\/estiu.es\/ca\/wp-json\/wp\/v2\/proyecto"}],"about":[{"href":"https:\/\/estiu.es\/ca\/wp-json\/wp\/v2\/types\/proyecto"}],"wp:featuredmedia":[{"embeddable":true,"href":"https:\/\/estiu.es\/ca\/wp-json\/wp\/v2\/media\/447"}],"wp:attachment":[{"href":"https:\/\/estiu.es\/ca\/wp-json\/wp\/v2\/media?parent=446"}],"wp:term":[{"taxonomy":"categoria-de-proyecto","embeddable":true,"href":"https:\/\/estiu.es\/ca\/wp-json\/wp\/v2\/categoria-de-proyecto?post=446"}],"curies":[{"name":"wp","href":"https:\/\/api.w.org\/{rel}","templated":true}]}}