{"id":2640,"date":"2024-11-28T20:06:57","date_gmt":"2024-11-28T19:06:57","guid":{"rendered":"https:\/\/estiu.es\/?post_type=proyecto&#038;p=2640"},"modified":"2025-05-19T20:30:44","modified_gmt":"2025-05-19T18:30:44","slug":"local-4-banjo-soundscapes","status":"publish","type":"proyecto","link":"https:\/\/estiu.es\/ca\/proyecto\/local-4-banjo-soundscapes\/","title":{"rendered":"LOCAL 4 \u2014 Banjo Soundscapes"},"content":{"rendered":"\n<p>Con el cuarto n\u00famero de LOCAL quisimos trasladar el universo sonoro de\u00a0<a href=\"https:\/\/banjosoundscapes.com\" target=\"_blank\" rel=\"noreferrer noopener\">Banjo Soundscapes<\/a>\u00a0al papel. As\u00ed que propusimos a Iv\u00e1n Llopis y Anna Segura, sus fundadores, la creaci\u00f3n de una pieza sonora que capturara la esencia de\u00a0<a href=\"https:\/\/www.impresum.es\" data-type=\"link\" data-id=\"https:\/\/www.impresum.es\" target=\"_blank\" rel=\"noreferrer noopener\">Impresum<\/a>, nuestro cliente. El resultado fue \u2018Minerva,\u2019 una obra compuesta por 32 minutos de material grabado durante dos sesiones en las instalaciones de Impresum, los d\u00edas 21 de octubre y 9 de noviembre.\u00a0<\/p>\n\n\n\n<figure class=\"wp-block-image size-full\"><img decoding=\"async\" src=\"https:\/\/estiu.es\/wp-content\/uploads\/2025\/05\/AnimacionBanjoHorizontal-1.mov\" alt=\"\" class=\"wp-image-2683\"\/><\/figure>\n\n\n\n<figure class=\"wp-block-image size-large\"><img loading=\"lazy\" decoding=\"async\" width=\"1024\" height=\"683\" src=\"https:\/\/estiu.es\/wp-content\/uploads\/2025\/05\/MG_2024_04_06-04-LOCAL-N4_RT-1024x683.jpeg\" alt=\"\" class=\"wp-image-2686\" srcset=\"https:\/\/estiu.es\/wp-content\/uploads\/2025\/05\/MG_2024_04_06-04-LOCAL-N4_RT-1024x683.jpeg 1024w, https:\/\/estiu.es\/wp-content\/uploads\/2025\/05\/MG_2024_04_06-04-LOCAL-N4_RT-300x200.jpeg 300w, https:\/\/estiu.es\/wp-content\/uploads\/2025\/05\/MG_2024_04_06-04-LOCAL-N4_RT-768x512.jpeg 768w, https:\/\/estiu.es\/wp-content\/uploads\/2025\/05\/MG_2024_04_06-04-LOCAL-N4_RT.jpeg 1280w\" sizes=\"auto, (max-width: 1024px) 100vw, 1024px\" \/><\/figure>\n\n\n\n<figure class=\"wp-block-image size-large\"><img loading=\"lazy\" decoding=\"async\" width=\"1024\" height=\"683\" src=\"https:\/\/estiu.es\/wp-content\/uploads\/2025\/05\/MG_2024_04_06-016-LOCAL-N4_RT-1024x683.jpeg\" alt=\"\" class=\"wp-image-2689\" srcset=\"https:\/\/estiu.es\/wp-content\/uploads\/2025\/05\/MG_2024_04_06-016-LOCAL-N4_RT-1024x683.jpeg 1024w, https:\/\/estiu.es\/wp-content\/uploads\/2025\/05\/MG_2024_04_06-016-LOCAL-N4_RT-300x200.jpeg 300w, https:\/\/estiu.es\/wp-content\/uploads\/2025\/05\/MG_2024_04_06-016-LOCAL-N4_RT-768x512.jpeg 768w, https:\/\/estiu.es\/wp-content\/uploads\/2025\/05\/MG_2024_04_06-016-LOCAL-N4_RT.jpeg 1280w\" sizes=\"auto, (max-width: 1024px) 100vw, 1024px\" \/><\/figure>\n\n\n\n<figure class=\"wp-block-image size-large\"><img loading=\"lazy\" decoding=\"async\" width=\"1024\" height=\"683\" src=\"https:\/\/estiu.es\/wp-content\/uploads\/2025\/05\/MG_2024_04_06-025-LOCAL-N4_RT-1024x683.jpeg\" alt=\"\" class=\"wp-image-2674\" srcset=\"https:\/\/estiu.es\/wp-content\/uploads\/2025\/05\/MG_2024_04_06-025-LOCAL-N4_RT-1024x683.jpeg 1024w, https:\/\/estiu.es\/wp-content\/uploads\/2025\/05\/MG_2024_04_06-025-LOCAL-N4_RT-300x200.jpeg 300w, https:\/\/estiu.es\/wp-content\/uploads\/2025\/05\/MG_2024_04_06-025-LOCAL-N4_RT-768x512.jpeg 768w, https:\/\/estiu.es\/wp-content\/uploads\/2025\/05\/MG_2024_04_06-025-LOCAL-N4_RT.jpeg 1280w\" sizes=\"auto, (max-width: 1024px) 100vw, 1024px\" \/><\/figure>\n\n\n\n<figure class=\"wp-block-image size-large\"><img loading=\"lazy\" decoding=\"async\" width=\"1024\" height=\"683\" src=\"https:\/\/estiu.es\/wp-content\/uploads\/2025\/05\/MG_2024_04_06-020-LOCAL-N4_RT-1024x683.jpeg\" alt=\"\" class=\"wp-image-2665\" srcset=\"https:\/\/estiu.es\/wp-content\/uploads\/2025\/05\/MG_2024_04_06-020-LOCAL-N4_RT-1024x683.jpeg 1024w, https:\/\/estiu.es\/wp-content\/uploads\/2025\/05\/MG_2024_04_06-020-LOCAL-N4_RT-300x200.jpeg 300w, https:\/\/estiu.es\/wp-content\/uploads\/2025\/05\/MG_2024_04_06-020-LOCAL-N4_RT-768x512.jpeg 768w, https:\/\/estiu.es\/wp-content\/uploads\/2025\/05\/MG_2024_04_06-020-LOCAL-N4_RT.jpeg 1280w\" sizes=\"auto, (max-width: 1024px) 100vw, 1024px\" \/><\/figure>\n\n\n\n<figure class=\"wp-block-image size-large\"><img loading=\"lazy\" decoding=\"async\" width=\"1024\" height=\"683\" src=\"https:\/\/estiu.es\/wp-content\/uploads\/2025\/05\/MG_2024_04_06-019-LOCAL-N4_RT-1024x683.jpeg\" alt=\"\" class=\"wp-image-2692\" srcset=\"https:\/\/estiu.es\/wp-content\/uploads\/2025\/05\/MG_2024_04_06-019-LOCAL-N4_RT-1024x683.jpeg 1024w, https:\/\/estiu.es\/wp-content\/uploads\/2025\/05\/MG_2024_04_06-019-LOCAL-N4_RT-300x200.jpeg 300w, https:\/\/estiu.es\/wp-content\/uploads\/2025\/05\/MG_2024_04_06-019-LOCAL-N4_RT-768x512.jpeg 768w, https:\/\/estiu.es\/wp-content\/uploads\/2025\/05\/MG_2024_04_06-019-LOCAL-N4_RT.jpeg 1280w\" sizes=\"auto, (max-width: 1024px) 100vw, 1024px\" \/><\/figure>\n\n\n\n<figure class=\"wp-block-image size-large\"><img loading=\"lazy\" decoding=\"async\" width=\"1024\" height=\"683\" src=\"https:\/\/estiu.es\/wp-content\/uploads\/2025\/05\/MG_2024_04_06-018-LOCAL-N4_RT-1-1024x683.jpeg\" alt=\"\" class=\"wp-image-2695\" srcset=\"https:\/\/estiu.es\/wp-content\/uploads\/2025\/05\/MG_2024_04_06-018-LOCAL-N4_RT-1-1024x683.jpeg 1024w, https:\/\/estiu.es\/wp-content\/uploads\/2025\/05\/MG_2024_04_06-018-LOCAL-N4_RT-1-300x200.jpeg 300w, https:\/\/estiu.es\/wp-content\/uploads\/2025\/05\/MG_2024_04_06-018-LOCAL-N4_RT-1-768x512.jpeg 768w, https:\/\/estiu.es\/wp-content\/uploads\/2025\/05\/MG_2024_04_06-018-LOCAL-N4_RT-1.jpeg 1280w\" sizes=\"auto, (max-width: 1024px) 100vw, 1024px\" \/><\/figure>\n\n\n\n<figure class=\"wp-block-image size-large\"><img loading=\"lazy\" decoding=\"async\" width=\"1024\" height=\"683\" src=\"https:\/\/estiu.es\/wp-content\/uploads\/2025\/05\/MG_2024_04_06-017-LOCAL-N4_RT-1024x683.jpeg\" alt=\"\" class=\"wp-image-2698\" srcset=\"https:\/\/estiu.es\/wp-content\/uploads\/2025\/05\/MG_2024_04_06-017-LOCAL-N4_RT-1024x683.jpeg 1024w, https:\/\/estiu.es\/wp-content\/uploads\/2025\/05\/MG_2024_04_06-017-LOCAL-N4_RT-300x200.jpeg 300w, https:\/\/estiu.es\/wp-content\/uploads\/2025\/05\/MG_2024_04_06-017-LOCAL-N4_RT-768x512.jpeg 768w, https:\/\/estiu.es\/wp-content\/uploads\/2025\/05\/MG_2024_04_06-017-LOCAL-N4_RT.jpeg 1280w\" sizes=\"auto, (max-width: 1024px) 100vw, 1024px\" \/><\/figure>\n\n\n\n<p>Para acompa\u00f1ar esta pieza, dise\u00f1amos un cartel que interpreta gr\u00e1ficamente la esencia de \u2018Minerva\u2019, reflejando las texturas y la energ\u00eda del sonido de una forma visualmente evocadora partiendo de los esquemas sonoros de Iv\u00e1n. Adem\u00e1s, creamos un video que documenta la sesi\u00f3n de grabaci\u00f3n, ofreciendo una visi\u00f3n m\u00e1s profunda del proceso creativo en la imprenta.&nbsp;<\/p>\n\n\n\n<p>Toda el proyecto qued\u00f3 recogido en <a href=\"https:\/\/banjo.impresum.es\" target=\"_blank\" rel=\"noreferrer noopener\">banjo.impresum.es<\/a>, donde celebramos el poder evocador y la esencia \u00fanica de las artes gr\u00e1ficas.<\/p>\n\n\n\n<figure class=\"wp-block-embed is-type-video is-provider-vimeo wp-block-embed-vimeo wp-embed-aspect-16-9 wp-has-aspect-ratio\"><div class=\"wp-block-embed__wrapper\">\n<iframe loading=\"lazy\" title=\"Local 4 con Banjo Soundscapes\" src=\"https:\/\/player.vimeo.com\/video\/1037376366?dnt=1&amp;app_id=122963\" width=\"500\" height=\"281\" frameborder=\"0\" allow=\"autoplay; fullscreen; picture-in-picture; clipboard-write; encrypted-media\"><\/iframe>\n<\/div><\/figure>\n\n\n\n<p>\u2014<\/p>\n\n\n\n<p>Proyecto realizado en colaboraci\u00f3n con Clara S\u00e1ez (redacci\u00f3n), Marta Salvador (correcci\u00f3n de textos) y Mar\u00eda Mira (fotograf\u00eda). Fotos del proyecto: Sara Azor\u00edn<\/p>\n","protected":false},"featured_media":2659,"template":"","meta":{"_acf_changed":false,"_coblocks_attr":"","_coblocks_dimensions":"","_coblocks_responsive_height":"","_coblocks_accordion_ie_support":""},"categoria-de-proyecto":[2],"class_list":["post-2640","proyecto","type-proyecto","status-publish","has-post-thumbnail","hentry","categoria-de-proyecto-diseno-y-edicion"],"acf":[],"_links":{"self":[{"href":"https:\/\/estiu.es\/ca\/wp-json\/wp\/v2\/proyecto\/2640","targetHints":{"allow":["GET"]}}],"collection":[{"href":"https:\/\/estiu.es\/ca\/wp-json\/wp\/v2\/proyecto"}],"about":[{"href":"https:\/\/estiu.es\/ca\/wp-json\/wp\/v2\/types\/proyecto"}],"wp:featuredmedia":[{"embeddable":true,"href":"https:\/\/estiu.es\/ca\/wp-json\/wp\/v2\/media\/2659"}],"wp:attachment":[{"href":"https:\/\/estiu.es\/ca\/wp-json\/wp\/v2\/media?parent=2640"}],"wp:term":[{"taxonomy":"categoria-de-proyecto","embeddable":true,"href":"https:\/\/estiu.es\/ca\/wp-json\/wp\/v2\/categoria-de-proyecto?post=2640"}],"curies":[{"name":"wp","href":"https:\/\/api.w.org\/{rel}","templated":true}]}}